{"id":4037,"date":"2022-11-29T11:01:26","date_gmt":"2022-11-29T14:01:26","guid":{"rendered":"https:\/\/oab.estrategia.com\/portal\/?page_id=4037"},"modified":"2023-02-02T12:31:17","modified_gmt":"2023-02-02T15:31:17","slug":"web-stories","status":"publish","type":"page","link":"https:\/\/oab.estrategia.com\/portal\/web-stories\/","title":{"rendered":"Web Stories"},"content":{"rendered":"\t\t<div class=\"web-stories-list alignnone is-view-type-grid columns-4 is-style-squared\" data-id=\"1\">\n\t\t\t<div class=\"web-stories-list__inner-wrapper\" style=\"\">\n\t\t\t\t\t\t\t<div\n\t\t\t\tclass=\"web-stories-list__story\"\n\t\t\t\tdata-wp-interactive=\"web-stories-block\"\n\t\t\t\tdata-wp-context='{\"instanceId\":1}'\t\t\t\tdata-wp-on--click=\"actions.open\"\n\t\t\t\tdata-wp-on-window--popstate=\"actions.onPopstate\"\n\t\t\t\t>\n\t\t\t\t\t\t\t<div class=\"web-stories-list__story-poster\">\n\t\t\t\t<a href=\"https:\/\/oab.estrategia.com\/portal\/web-stories\/repescagem-oab-46-cronograma-de-datas\/\" >\n\t\t\t\t\t<img\n\t\t\t\t\t\tsrc=\"https:\/\/oab.estrategia.com\/portal\/wp-content\/uploads\/2023\/06\/29140935\/cropped-dicas-para-iniciar-preparacao-na-repescagem-oab.jpg\"\n\t\t\t\t\t\talt=\"Repescagem OAB 46: cronograma de datas\"\n\t\t\t\t\t\twidth=\"185\"\n\t\t\t\t\t\theight=\"308\"\n\t\t\t\t\t\t\t\t\t\t\t\t\tsrcset=\"https:\/\/oab.estrategia.com\/portal\/wp-content\/uploads\/2023\/06\/29140935\/cropped-dicas-para-iniciar-preparacao-na-repescagem-oab.jpg 640w, https:\/\/oab.estrategia.com\/portal\/wp-content\/uploads\/2023\/06\/29140935\/cropped-dicas-para-iniciar-preparacao-na-repescagem-oab-225x300.jpg 225w, https:\/\/oab.estrategia.com\/portal\/wp-content\/uploads\/2023\/06\/29140935\/cropped-dicas-para-iniciar-preparacao-na-repescagem-oab-380x506.jpg 380w, https:\/\/oab.estrategia.com\/portal\/wp-content\/uploads\/2023\/06\/29140935\/cropped-dicas-para-iniciar-preparacao-na-repescagem-oab-150x200.jpg 150w\"\n\t\t\t\t\t\t\t\t\t\t\t\t\t\t\t\t\t\t\tsizes=\"auto, (max-width: 640px) 100vw, 640px\"\n\t\t\t\t\t\t\t\t\t\t\t\tloading=\"lazy\"\n\t\t\t\t\t\tdecoding=\"async\"\n\t\t\t\t\t>\n\t\t\t\t<\/a>\n\t\t\t<\/div>\n\t\t\t\t\t<div class=\"web-stories-list__story-content-overlay\">\n\t\t\t\t\t\t\t<div class=\"story-content-overlay__title\">\n\t\t\t\t\tRepescagem OAB 46: cronograma de datas\t\t\t\t<\/div>\n\t\t\t\n\t\t\t\n\t\t\t\t\t\t\t<div class=\"story-content-overlay__author\">\n\t\t\t\t\tPor Karina Pereira\t\t\t\t<\/div>\n\t\t\t\n\t\t\t\t\t<\/div>\n\t\t\t\t\t<\/div>\n\t\t\t\t\t\t<div\n\t\t\t\tclass=\"web-stories-list__story\"\n\t\t\t\tdata-wp-interactive=\"web-stories-block\"\n\t\t\t\tdata-wp-context='{\"instanceId\":1}'\t\t\t\tdata-wp-on--click=\"actions.open\"\n\t\t\t\tdata-wp-on-window--popstate=\"actions.onPopstate\"\n\t\t\t\t>\n\t\t\t\t\t\t\t<div class=\"web-stories-list__story-poster\">\n\t\t\t\t<a href=\"https:\/\/oab.estrategia.com\/portal\/web-stories\/oab-lanca-plataforma-para-evitar-golpes-do-falso-advogado\/\" >\n\t\t\t\t\t<img\n\t\t\t\t\t\tsrc=\"https:\/\/oab.estrategia.com\/portal\/wp-content\/uploads\/2023\/04\/19120559\/dicas-para-evitar-erros-na-segunda-fase-da-oab.png\"\n\t\t\t\t\t\talt=\"OAB lan\u00e7a plataforma para evitar golpes do falso advogado!\"\n\t\t\t\t\t\twidth=\"185\"\n\t\t\t\t\t\theight=\"308\"\n\t\t\t\t\t\t\t\t\t\t\t\t\t\t\t\t\t\tloading=\"lazy\"\n\t\t\t\t\t\tdecoding=\"async\"\n\t\t\t\t\t>\n\t\t\t\t<\/a>\n\t\t\t<\/div>\n\t\t\t\t\t<div class=\"web-stories-list__story-content-overlay\">\n\t\t\t\t\t\t\t<div class=\"story-content-overlay__title\">\n\t\t\t\t\tOAB lan\u00e7a plataforma para evitar golpes do falso advogado!\t\t\t\t<\/div>\n\t\t\t\n\t\t\t\n\t\t\t\t\t\t\t<div class=\"story-content-overlay__author\">\n\t\t\t\t\tPor Coordena\u00e7\u00e3o\t\t\t\t<\/div>\n\t\t\t\n\t\t\t\t\t<\/div>\n\t\t\t\t\t<\/div>\n\t\t\t\t\t\t<div\n\t\t\t\tclass=\"web-stories-list__story\"\n\t\t\t\tdata-wp-interactive=\"web-stories-block\"\n\t\t\t\tdata-wp-context='{\"instanceId\":1}'\t\t\t\tdata-wp-on--click=\"actions.open\"\n\t\t\t\tdata-wp-on-window--popstate=\"actions.onPopstate\"\n\t\t\t\t>\n\t\t\t\t\t\t\t<div class=\"web-stories-list__story-poster\">\n\t\t\t\t<a href=\"https:\/\/oab.estrategia.com\/portal\/web-stories\/prazo-para-se-inscrever-no-44-exame-da-oab-termina-no-dia-12-de-maio\/\" >\n\t\t\t\t\t<img\n\t\t\t\t\t\tsrc=\"https:\/\/oab.estrategia.com\/portal\/wp-content\/uploads\/2023\/01\/04152932\/medo-de-simulados-para-a-prova-da-oab.jpg\"\n\t\t\t\t\t\talt=\"Prazo para se inscrever no 44\u00ba Exame da OAB termina no dia 12\/05!\"\n\t\t\t\t\t\twidth=\"185\"\n\t\t\t\t\t\theight=\"308\"\n\t\t\t\t\t\t\t\t\t\t\t\t\t\t\t\t\t\tloading=\"lazy\"\n\t\t\t\t\t\tdecoding=\"async\"\n\t\t\t\t\t>\n\t\t\t\t<\/a>\n\t\t\t<\/div>\n\t\t\t\t\t<div class=\"web-stories-list__story-content-overlay\">\n\t\t\t\t\t\t\t<div class=\"story-content-overlay__title\">\n\t\t\t\t\tPrazo para se inscrever no 44\u00ba Exame da OAB termina no dia 12\/05!\t\t\t\t<\/div>\n\t\t\t\n\t\t\t\n\t\t\t\t\t\t\t<div class=\"story-content-overlay__author\">\n\t\t\t\t\tPor Coordena\u00e7\u00e3o\t\t\t\t<\/div>\n\t\t\t\n\t\t\t\t\t<\/div>\n\t\t\t\t\t<\/div>\n\t\t\t\t\t\t<div\n\t\t\t\tclass=\"web-stories-list__story\"\n\t\t\t\tdata-wp-interactive=\"web-stories-block\"\n\t\t\t\tdata-wp-context='{\"instanceId\":1}'\t\t\t\tdata-wp-on--click=\"actions.open\"\n\t\t\t\tdata-wp-on-window--popstate=\"actions.onPopstate\"\n\t\t\t\t>\n\t\t\t\t\t\t\t<div class=\"web-stories-list__story-poster\">\n\t\t\t\t<a href=\"https:\/\/oab.estrategia.com\/portal\/web-stories\/saiu-edital-confira-as-datas-do-44-exame-da-oab\/\" >\n\t\t\t\t\t<img\n\t\t\t\t\t\tsrc=\"https:\/\/oab.estrategia.com\/portal\/wp-content\/uploads\/2022\/11\/29120257\/aluno-estrategia-oab-construindo-roteiro-de-estudos-para-a-segunda-fase-do-exame-de-ordem-640x853.png\"\n\t\t\t\t\t\talt=\"SAIU EDITAL! Confira as datas do 44\u00ba Exame da OAB!\"\n\t\t\t\t\t\twidth=\"185\"\n\t\t\t\t\t\theight=\"308\"\n\t\t\t\t\t\t\t\t\t\t\t\t\tsrcset=\"https:\/\/oab.estrategia.com\/portal\/wp-content\/uploads\/2022\/11\/29120257\/aluno-estrategia-oab-construindo-roteiro-de-estudos-para-a-segunda-fase-do-exame-de-ordem.png 640w, https:\/\/oab.estrategia.com\/portal\/wp-content\/uploads\/2022\/11\/29120257\/aluno-estrategia-oab-construindo-roteiro-de-estudos-para-a-segunda-fase-do-exame-de-ordem-225x300.png 225w, https:\/\/oab.estrategia.com\/portal\/wp-content\/uploads\/2022\/11\/29120257\/aluno-estrategia-oab-construindo-roteiro-de-estudos-para-a-segunda-fase-do-exame-de-ordem-380x506.png 380w, https:\/\/oab.estrategia.com\/portal\/wp-content\/uploads\/2022\/11\/29120257\/aluno-estrategia-oab-construindo-roteiro-de-estudos-para-a-segunda-fase-do-exame-de-ordem-150x200.png 150w\"\n\t\t\t\t\t\t\t\t\t\t\t\t\t\t\t\t\t\t\tsizes=\"auto, (max-width: 640px) 100vw, 640px\"\n\t\t\t\t\t\t\t\t\t\t\t\tloading=\"lazy\"\n\t\t\t\t\t\tdecoding=\"async\"\n\t\t\t\t\t>\n\t\t\t\t<\/a>\n\t\t\t<\/div>\n\t\t\t\t\t<div class=\"web-stories-list__story-content-overlay\">\n\t\t\t\t\t\t\t<div class=\"story-content-overlay__title\">\n\t\t\t\t\tSAIU EDITAL! Confira as datas do 44\u00ba Exame da OAB!\t\t\t\t<\/div>\n\t\t\t\n\t\t\t\n\t\t\t\t\t\t\t<div class=\"story-content-overlay__author\">\n\t\t\t\t\tPor Coordena\u00e7\u00e3o\t\t\t\t<\/div>\n\t\t\t\n\t\t\t\t\t<\/div>\n\t\t\t\t\t<\/div>\n\t\t\t\t\t\t<div\n\t\t\t\tclass=\"web-stories-list__story\"\n\t\t\t\tdata-wp-interactive=\"web-stories-block\"\n\t\t\t\tdata-wp-context='{\"instanceId\":1}'\t\t\t\tdata-wp-on--click=\"actions.open\"\n\t\t\t\tdata-wp-on-window--popstate=\"actions.onPopstate\"\n\t\t\t\t>\n\t\t\t\t\t\t\t<div class=\"web-stories-list__story-poster\">\n\t\t\t\t<a href=\"https:\/\/oab.estrategia.com\/portal\/web-stories\/voce-conhece-o-tribunal-de-etica-e-disciplina-da-oab\/\" >\n\t\t\t\t\t<img\n\t\t\t\t\t\tsrc=\"https:\/\/oab.estrategia.com\/portal\/wp-content\/uploads\/2023\/03\/29164755\/dicas-para-passar-na-1a-fase-do-38-exame-oab-640x853.png\"\n\t\t\t\t\t\talt=\"Voc\u00ea conhece o Tribunal de \u00c9tica e Disciplina da OAB?\"\n\t\t\t\t\t\twidth=\"185\"\n\t\t\t\t\t\theight=\"308\"\n\t\t\t\t\t\t\t\t\t\t\t\t\tsrcset=\"https:\/\/oab.estrategia.com\/portal\/wp-content\/uploads\/2023\/03\/29164755\/dicas-para-passar-na-1a-fase-do-38-exame-oab.png 640w, https:\/\/oab.estrategia.com\/portal\/wp-content\/uploads\/2023\/03\/29164755\/dicas-para-passar-na-1a-fase-do-38-exame-oab-225x300.png 225w, https:\/\/oab.estrategia.com\/portal\/wp-content\/uploads\/2023\/03\/29164755\/dicas-para-passar-na-1a-fase-do-38-exame-oab-380x506.png 380w, https:\/\/oab.estrategia.com\/portal\/wp-content\/uploads\/2023\/03\/29164755\/dicas-para-passar-na-1a-fase-do-38-exame-oab-150x200.png 150w\"\n\t\t\t\t\t\t\t\t\t\t\t\t\t\t\t\t\t\t\tsizes=\"auto, (max-width: 640px) 100vw, 640px\"\n\t\t\t\t\t\t\t\t\t\t\t\tloading=\"lazy\"\n\t\t\t\t\t\tdecoding=\"async\"\n\t\t\t\t\t>\n\t\t\t\t<\/a>\n\t\t\t<\/div>\n\t\t\t\t\t<div class=\"web-stories-list__story-content-overlay\">\n\t\t\t\t\t\t\t<div class=\"story-content-overlay__title\">\n\t\t\t\t\tVoc\u00ea conhece o Tribunal de \u00c9tica e Disciplina da OAB?\t\t\t\t<\/div>\n\t\t\t\n\t\t\t\n\t\t\t\t\t\t\t<div class=\"story-content-overlay__author\">\n\t\t\t\t\tPor Coordena\u00e7\u00e3o\t\t\t\t<\/div>\n\t\t\t\n\t\t\t\t\t<\/div>\n\t\t\t\t\t<\/div>\n\t\t\t\t\t\t<div\n\t\t\t\tclass=\"web-stories-list__story\"\n\t\t\t\tdata-wp-interactive=\"web-stories-block\"\n\t\t\t\tdata-wp-context='{\"instanceId\":1}'\t\t\t\tdata-wp-on--click=\"actions.open\"\n\t\t\t\tdata-wp-on-window--popstate=\"actions.onPopstate\"\n\t\t\t\t>\n\t\t\t\t\t\t\t<div class=\"web-stories-list__story-poster\">\n\t\t\t\t<a href=\"https:\/\/oab.estrategia.com\/portal\/web-stories\/quando-comecou-o-exame-da-oab-confira-os-detalhes\/\" >\n\t\t\t\t\t<img\n\t\t\t\t\t\tsrc=\"https:\/\/oab.estrategia.com\/portal\/wp-content\/uploads\/2023\/05\/19135701\/como-elaborar-recurso-2a-fase-oab.png\"\n\t\t\t\t\t\talt=\"Quando come\u00e7ou o exame da OAB? Confira os detalhes!\"\n\t\t\t\t\t\twidth=\"185\"\n\t\t\t\t\t\theight=\"308\"\n\t\t\t\t\t\t\t\t\t\t\t\t\tsrcset=\"https:\/\/oab.estrategia.com\/portal\/wp-content\/uploads\/2023\/05\/19135701\/como-elaborar-recurso-2a-fase-oab.png 640w, https:\/\/oab.estrategia.com\/portal\/wp-content\/uploads\/2023\/05\/19135701\/como-elaborar-recurso-2a-fase-oab-225x300.png 225w, https:\/\/oab.estrategia.com\/portal\/wp-content\/uploads\/2023\/05\/19135701\/como-elaborar-recurso-2a-fase-oab-380x506.png 380w, https:\/\/oab.estrategia.com\/portal\/wp-content\/uploads\/2023\/05\/19135701\/como-elaborar-recurso-2a-fase-oab-150x200.png 150w\"\n\t\t\t\t\t\t\t\t\t\t\t\t\t\t\t\t\t\t\tsizes=\"auto, (max-width: 640px) 100vw, 640px\"\n\t\t\t\t\t\t\t\t\t\t\t\tloading=\"lazy\"\n\t\t\t\t\t\tdecoding=\"async\"\n\t\t\t\t\t>\n\t\t\t\t<\/a>\n\t\t\t<\/div>\n\t\t\t\t\t<div class=\"web-stories-list__story-content-overlay\">\n\t\t\t\t\t\t\t<div class=\"story-content-overlay__title\">\n\t\t\t\t\tQuando come\u00e7ou o exame da OAB? Confira os detalhes!\t\t\t\t<\/div>\n\t\t\t\n\t\t\t\n\t\t\t\t\t\t\t<div class=\"story-content-overlay__author\">\n\t\t\t\t\tPor Coordena\u00e7\u00e3o\t\t\t\t<\/div>\n\t\t\t\n\t\t\t\t\t<\/div>\n\t\t\t\t\t<\/div>\n\t\t\t\t\t\t<div\n\t\t\t\tclass=\"web-stories-list__story\"\n\t\t\t\tdata-wp-interactive=\"web-stories-block\"\n\t\t\t\tdata-wp-context='{\"instanceId\":1}'\t\t\t\tdata-wp-on--click=\"actions.open\"\n\t\t\t\tdata-wp-on-window--popstate=\"actions.onPopstate\"\n\t\t\t\t>\n\t\t\t\t\t\t\t<div class=\"web-stories-list__story-poster\">\n\t\t\t\t<a href=\"https:\/\/oab.estrategia.com\/portal\/web-stories\/honorarios-advocaticios-como-sao-definidos\/\" >\n\t\t\t\t\t<img\n\t\t\t\t\t\tsrc=\"https:\/\/oab.estrategia.com\/portal\/wp-content\/uploads\/2025\/04\/08173543\/cropped-honorarios-de-advogados-oab.png\"\n\t\t\t\t\t\talt=\"Honor\u00e1rios advocat\u00edcios: veja como os valores s\u00e3o definidos\"\n\t\t\t\t\t\twidth=\"185\"\n\t\t\t\t\t\theight=\"308\"\n\t\t\t\t\t\t\t\t\t\t\t\t\tsrcset=\"https:\/\/oab.estrategia.com\/portal\/wp-content\/uploads\/2025\/04\/08173543\/cropped-honorarios-de-advogados-oab.png 640w, https:\/\/oab.estrategia.com\/portal\/wp-content\/uploads\/2025\/04\/08173543\/cropped-honorarios-de-advogados-oab-225x300.png 225w, https:\/\/oab.estrategia.com\/portal\/wp-content\/uploads\/2025\/04\/08173543\/cropped-honorarios-de-advogados-oab-380x506.png 380w, https:\/\/oab.estrategia.com\/portal\/wp-content\/uploads\/2025\/04\/08173543\/cropped-honorarios-de-advogados-oab-150x200.png 150w\"\n\t\t\t\t\t\t\t\t\t\t\t\t\t\t\t\t\t\t\tsizes=\"auto, (max-width: 640px) 100vw, 640px\"\n\t\t\t\t\t\t\t\t\t\t\t\tloading=\"lazy\"\n\t\t\t\t\t\tdecoding=\"async\"\n\t\t\t\t\t>\n\t\t\t\t<\/a>\n\t\t\t<\/div>\n\t\t\t\t\t<div class=\"web-stories-list__story-content-overlay\">\n\t\t\t\t\t\t\t<div class=\"story-content-overlay__title\">\n\t\t\t\t\tHonor\u00e1rios advocat\u00edcios: veja como os valores s\u00e3o definidos\t\t\t\t<\/div>\n\t\t\t\n\t\t\t\n\t\t\t\t\t\t\t<div class=\"story-content-overlay__author\">\n\t\t\t\t\tPor Coordena\u00e7\u00e3o\t\t\t\t<\/div>\n\t\t\t\n\t\t\t\t\t<\/div>\n\t\t\t\t\t<\/div>\n\t\t\t\t\t\t<div\n\t\t\t\tclass=\"web-stories-list__story\"\n\t\t\t\tdata-wp-interactive=\"web-stories-block\"\n\t\t\t\tdata-wp-context='{\"instanceId\":1}'\t\t\t\tdata-wp-on--click=\"actions.open\"\n\t\t\t\tdata-wp-on-window--popstate=\"actions.onPopstate\"\n\t\t\t\t>\n\t\t\t\t\t\t\t<div class=\"web-stories-list__story-poster\">\n\t\t\t\t<a href=\"https:\/\/oab.estrategia.com\/portal\/web-stories\/quando-sera-a-1a-fase-do-exame-oab-43\/\" >\n\t\t\t\t\t<img\n\t\t\t\t\t\tsrc=\"https:\/\/oab.estrategia.com\/portal\/wp-content\/uploads\/2023\/06\/02171833\/prazo-recurso-2a-fase-oab-37-exame-ode-ordem-prazo-reaberto-direito-do-trabalho.png\"\n\t\t\t\t\t\talt=\"Quando ser\u00e1 a 1\u00aa fase do 43\u00ba Exame de Ordem?\"\n\t\t\t\t\t\twidth=\"185\"\n\t\t\t\t\t\theight=\"308\"\n\t\t\t\t\t\t\t\t\t\t\t\t\tsrcset=\"https:\/\/oab.estrategia.com\/portal\/wp-content\/uploads\/2023\/06\/02171833\/prazo-recurso-2a-fase-oab-37-exame-ode-ordem-prazo-reaberto-direito-do-trabalho.png 640w, https:\/\/oab.estrategia.com\/portal\/wp-content\/uploads\/2023\/06\/02171833\/prazo-recurso-2a-fase-oab-37-exame-ode-ordem-prazo-reaberto-direito-do-trabalho-225x300.png 225w, https:\/\/oab.estrategia.com\/portal\/wp-content\/uploads\/2023\/06\/02171833\/prazo-recurso-2a-fase-oab-37-exame-ode-ordem-prazo-reaberto-direito-do-trabalho-380x506.png 380w, https:\/\/oab.estrategia.com\/portal\/wp-content\/uploads\/2023\/06\/02171833\/prazo-recurso-2a-fase-oab-37-exame-ode-ordem-prazo-reaberto-direito-do-trabalho-150x200.png 150w\"\n\t\t\t\t\t\t\t\t\t\t\t\t\t\t\t\t\t\t\tsizes=\"auto, (max-width: 640px) 100vw, 640px\"\n\t\t\t\t\t\t\t\t\t\t\t\tloading=\"lazy\"\n\t\t\t\t\t\tdecoding=\"async\"\n\t\t\t\t\t>\n\t\t\t\t<\/a>\n\t\t\t<\/div>\n\t\t\t\t\t<div class=\"web-stories-list__story-content-overlay\">\n\t\t\t\t\t\t\t<div class=\"story-content-overlay__title\">\n\t\t\t\t\tQuando ser\u00e1 a 1\u00aa fase do 43\u00ba Exame de Ordem?\t\t\t\t<\/div>\n\t\t\t\n\t\t\t\n\t\t\t\t\t\t\t<div class=\"story-content-overlay__author\">\n\t\t\t\t\tPor Coordena\u00e7\u00e3o\t\t\t\t<\/div>\n\t\t\t\n\t\t\t\t\t<\/div>\n\t\t\t\t\t<\/div>\n\t\t\t\t\t\t<div\n\t\t\t\tclass=\"web-stories-list__story\"\n\t\t\t\tdata-wp-interactive=\"web-stories-block\"\n\t\t\t\tdata-wp-context='{\"instanceId\":1}'\t\t\t\tdata-wp-on--click=\"actions.open\"\n\t\t\t\tdata-wp-on-window--popstate=\"actions.onPopstate\"\n\t\t\t\t>\n\t\t\t\t\t\t\t<div class=\"web-stories-list__story-poster\">\n\t\t\t\t<a href=\"https:\/\/oab.estrategia.com\/portal\/web-stories\/confira-as-regras-de-vestimenta-para-advogados-nos-tribunais\/\" >\n\t\t\t\t\t<img\n\t\t\t\t\t\tsrc=\"https:\/\/oab.estrategia.com\/portal\/wp-content\/uploads\/2023\/05\/19135701\/como-elaborar-recurso-2a-fase-oab.png\"\n\t\t\t\t\t\talt=\"Confira as regras de vestimenta para Advogados nos tribunais\"\n\t\t\t\t\t\twidth=\"185\"\n\t\t\t\t\t\theight=\"308\"\n\t\t\t\t\t\t\t\t\t\t\t\t\tsrcset=\"https:\/\/oab.estrategia.com\/portal\/wp-content\/uploads\/2023\/05\/19135701\/como-elaborar-recurso-2a-fase-oab.png 640w, https:\/\/oab.estrategia.com\/portal\/wp-content\/uploads\/2023\/05\/19135701\/como-elaborar-recurso-2a-fase-oab-225x300.png 225w, https:\/\/oab.estrategia.com\/portal\/wp-content\/uploads\/2023\/05\/19135701\/como-elaborar-recurso-2a-fase-oab-380x506.png 380w, https:\/\/oab.estrategia.com\/portal\/wp-content\/uploads\/2023\/05\/19135701\/como-elaborar-recurso-2a-fase-oab-150x200.png 150w\"\n\t\t\t\t\t\t\t\t\t\t\t\t\t\t\t\t\t\t\tsizes=\"auto, (max-width: 640px) 100vw, 640px\"\n\t\t\t\t\t\t\t\t\t\t\t\tloading=\"lazy\"\n\t\t\t\t\t\tdecoding=\"async\"\n\t\t\t\t\t>\n\t\t\t\t<\/a>\n\t\t\t<\/div>\n\t\t\t\t\t<div class=\"web-stories-list__story-content-overlay\">\n\t\t\t\t\t\t\t<div class=\"story-content-overlay__title\">\n\t\t\t\t\tConfira as regras de vestimenta para Advogados nos tribunais\t\t\t\t<\/div>\n\t\t\t\n\t\t\t\n\t\t\t\t\t\t\t<div class=\"story-content-overlay__author\">\n\t\t\t\t\tPor Coordena\u00e7\u00e3o\t\t\t\t<\/div>\n\t\t\t\n\t\t\t\t\t<\/div>\n\t\t\t\t\t<\/div>\n\t\t\t\t\t\t<div\n\t\t\t\tclass=\"web-stories-list__story\"\n\t\t\t\tdata-wp-interactive=\"web-stories-block\"\n\t\t\t\tdata-wp-context='{\"instanceId\":1}'\t\t\t\tdata-wp-on--click=\"actions.open\"\n\t\t\t\tdata-wp-on-window--popstate=\"actions.onPopstate\"\n\t\t\t\t>\n\t\t\t\t\t\t\t<div class=\"web-stories-list__story-poster\">\n\t\t\t\t<a href=\"https:\/\/oab.estrategia.com\/portal\/web-stories\/causas-de-reprovacao-na-oab-confira-quais-sao\/\" >\n\t\t\t\t\t<img\n\t\t\t\t\t\tsrc=\"https:\/\/oab.estrategia.com\/portal\/wp-content\/uploads\/2023\/07\/13135550\/cropped-fui-reprovado-no-exame-de-ordem-e-agora-o-que-fazer.png\"\n\t\t\t\t\t\talt=\"Causas de reprova\u00e7\u00e3o na OAB: confira quais s\u00e3o!\"\n\t\t\t\t\t\twidth=\"185\"\n\t\t\t\t\t\theight=\"308\"\n\t\t\t\t\t\t\t\t\t\t\t\t\t\t\t\t\t\tloading=\"lazy\"\n\t\t\t\t\t\tdecoding=\"async\"\n\t\t\t\t\t>\n\t\t\t\t<\/a>\n\t\t\t<\/div>\n\t\t\t\t\t<div class=\"web-stories-list__story-content-overlay\">\n\t\t\t\t\t\t\t<div class=\"story-content-overlay__title\">\n\t\t\t\t\tCausas de reprova\u00e7\u00e3o na OAB: confira quais s\u00e3o!\t\t\t\t<\/div>\n\t\t\t\n\t\t\t\n\t\t\t\t\t\t\t<div class=\"story-content-overlay__author\">\n\t\t\t\t\tPor Coordena\u00e7\u00e3o\t\t\t\t<\/div>\n\t\t\t\n\t\t\t\t\t<\/div>\n\t\t\t\t\t<\/div>\n\t\t\t\t\t\t<div\n\t\t\t\tclass=\"web-stories-list__story\"\n\t\t\t\tdata-wp-interactive=\"web-stories-block\"\n\t\t\t\tdata-wp-context='{\"instanceId\":1}'\t\t\t\tdata-wp-on--click=\"actions.open\"\n\t\t\t\tdata-wp-on-window--popstate=\"actions.onPopstate\"\n\t\t\t\t>\n\t\t\t\t\t\t\t<div class=\"web-stories-list__story-poster\">\n\t\t\t\t<a href=\"https:\/\/oab.estrategia.com\/portal\/web-stories\/publicado-o-edital-de-repescagem-do-43-exame-de-ordem\/\" >\n\t\t\t\t\t<img\n\t\t\t\t\t\tsrc=\"https:\/\/oab.estrategia.com\/portal\/wp-content\/uploads\/2023\/05\/16110127\/proximas-datas-37-exame-de-ordem-2a-fase.png\"\n\t\t\t\t\t\talt=\"Publicado o edital de repescagem do 43\u00ba Exame de Ordem!\"\n\t\t\t\t\t\twidth=\"185\"\n\t\t\t\t\t\theight=\"308\"\n\t\t\t\t\t\t\t\t\t\t\t\t\tsrcset=\"https:\/\/oab.estrategia.com\/portal\/wp-content\/uploads\/2023\/05\/16110127\/proximas-datas-37-exame-de-ordem-2a-fase.png 640w, https:\/\/oab.estrategia.com\/portal\/wp-content\/uploads\/2023\/05\/16110127\/proximas-datas-37-exame-de-ordem-2a-fase-225x300.png 225w, https:\/\/oab.estrategia.com\/portal\/wp-content\/uploads\/2023\/05\/16110127\/proximas-datas-37-exame-de-ordem-2a-fase-380x506.png 380w, https:\/\/oab.estrategia.com\/portal\/wp-content\/uploads\/2023\/05\/16110127\/proximas-datas-37-exame-de-ordem-2a-fase-150x200.png 150w\"\n\t\t\t\t\t\t\t\t\t\t\t\t\t\t\t\t\t\t\tsizes=\"auto, (max-width: 640px) 100vw, 640px\"\n\t\t\t\t\t\t\t\t\t\t\t\tloading=\"lazy\"\n\t\t\t\t\t\tdecoding=\"async\"\n\t\t\t\t\t>\n\t\t\t\t<\/a>\n\t\t\t<\/div>\n\t\t\t\t\t<div class=\"web-stories-list__story-content-overlay\">\n\t\t\t\t\t\t\t<div class=\"story-content-overlay__title\">\n\t\t\t\t\tPublicado o edital de repescagem do 43\u00ba Exame de Ordem!\t\t\t\t<\/div>\n\t\t\t\n\t\t\t\n\t\t\t\t\t\t\t<div class=\"story-content-overlay__author\">\n\t\t\t\t\tPor Coordena\u00e7\u00e3o\t\t\t\t<\/div>\n\t\t\t\n\t\t\t\t\t<\/div>\n\t\t\t\t\t<\/div>\n\t\t\t\t\t\t<div\n\t\t\t\tclass=\"web-stories-list__story\"\n\t\t\t\tdata-wp-interactive=\"web-stories-block\"\n\t\t\t\tdata-wp-context='{\"instanceId\":1}'\t\t\t\tdata-wp-on--click=\"actions.open\"\n\t\t\t\tdata-wp-on-window--popstate=\"actions.onPopstate\"\n\t\t\t\t>\n\t\t\t\t\t\t\t<div class=\"web-stories-list__story-poster\">\n\t\t\t\t<a href=\"https:\/\/oab.estrategia.com\/portal\/web-stories\/carteira-da-oab-tem-prazo-de-validade\/\" >\n\t\t\t\t\t<img\n\t\t\t\t\t\tsrc=\"https:\/\/oab.estrategia.com\/portal\/wp-content\/uploads\/2023\/04\/13170319\/exame-38-oab-edital-prestes-a-ser-publicado-640x853.png\"\n\t\t\t\t\t\talt=\"Carteira da OAB tem prazo de validade?\"\n\t\t\t\t\t\twidth=\"185\"\n\t\t\t\t\t\theight=\"308\"\n\t\t\t\t\t\t\t\t\t\t\t\t\tsrcset=\"https:\/\/oab.estrategia.com\/portal\/wp-content\/uploads\/2023\/04\/13170319\/exame-38-oab-edital-prestes-a-ser-publicado.png 640w, https:\/\/oab.estrategia.com\/portal\/wp-content\/uploads\/2023\/04\/13170319\/exame-38-oab-edital-prestes-a-ser-publicado-225x300.png 225w, https:\/\/oab.estrategia.com\/portal\/wp-content\/uploads\/2023\/04\/13170319\/exame-38-oab-edital-prestes-a-ser-publicado-380x506.png 380w, https:\/\/oab.estrategia.com\/portal\/wp-content\/uploads\/2023\/04\/13170319\/exame-38-oab-edital-prestes-a-ser-publicado-150x200.png 150w\"\n\t\t\t\t\t\t\t\t\t\t\t\t\t\t\t\t\t\t\tsizes=\"auto, (max-width: 640px) 100vw, 640px\"\n\t\t\t\t\t\t\t\t\t\t\t\tloading=\"lazy\"\n\t\t\t\t\t\tdecoding=\"async\"\n\t\t\t\t\t>\n\t\t\t\t<\/a>\n\t\t\t<\/div>\n\t\t\t\t\t<div class=\"web-stories-list__story-content-overlay\">\n\t\t\t\t\t\t\t<div class=\"story-content-overlay__title\">\n\t\t\t\t\tCarteira da OAB tem prazo de validade?\t\t\t\t<\/div>\n\t\t\t\n\t\t\t\n\t\t\t\t\t\t\t<div class=\"story-content-overlay__author\">\n\t\t\t\t\tPor Coordena\u00e7\u00e3o\t\t\t\t<\/div>\n\t\t\t\n\t\t\t\t\t<\/div>\n\t\t\t\t\t<\/div>\n\t\t\t\t\t\t<div\n\t\t\t\tclass=\"web-stories-list__story\"\n\t\t\t\tdata-wp-interactive=\"web-stories-block\"\n\t\t\t\tdata-wp-context='{\"instanceId\":1}'\t\t\t\tdata-wp-on--click=\"actions.open\"\n\t\t\t\tdata-wp-on-window--popstate=\"actions.onPopstate\"\n\t\t\t\t>\n\t\t\t\t\t\t\t<div class=\"web-stories-list__story-poster\">\n\t\t\t\t<a href=\"https:\/\/oab.estrategia.com\/portal\/web-stories\/conselho-federal-da-oab-o-que-e-e-como-e-composto\/\" >\n\t\t\t\t\t<img\n\t\t\t\t\t\tsrc=\"https:\/\/oab.estrategia.com\/portal\/wp-content\/uploads\/2023\/05\/23151236\/direito-processual-penal-oab-1a-fase.png\"\n\t\t\t\t\t\talt=\"Conselho Federal da OAB: o que \u00e9 e como \u00e9 composto?\"\n\t\t\t\t\t\twidth=\"185\"\n\t\t\t\t\t\theight=\"308\"\n\t\t\t\t\t\t\t\t\t\t\t\t\tsrcset=\"https:\/\/oab.estrategia.com\/portal\/wp-content\/uploads\/2023\/05\/23151236\/direito-processual-penal-oab-1a-fase.png 640w, https:\/\/oab.estrategia.com\/portal\/wp-content\/uploads\/2023\/05\/23151236\/direito-processual-penal-oab-1a-fase-225x300.png 225w, https:\/\/oab.estrategia.com\/portal\/wp-content\/uploads\/2023\/05\/23151236\/direito-processual-penal-oab-1a-fase-380x506.png 380w, https:\/\/oab.estrategia.com\/portal\/wp-content\/uploads\/2023\/05\/23151236\/direito-processual-penal-oab-1a-fase-150x200.png 150w\"\n\t\t\t\t\t\t\t\t\t\t\t\t\t\t\t\t\t\t\tsizes=\"auto, (max-width: 640px) 100vw, 640px\"\n\t\t\t\t\t\t\t\t\t\t\t\tloading=\"lazy\"\n\t\t\t\t\t\tdecoding=\"async\"\n\t\t\t\t\t>\n\t\t\t\t<\/a>\n\t\t\t<\/div>\n\t\t\t\t\t<div class=\"web-stories-list__story-content-overlay\">\n\t\t\t\t\t\t\t<div class=\"story-content-overlay__title\">\n\t\t\t\t\tConselho Federal da OAB: o que \u00e9 e como \u00e9 composto?\t\t\t\t<\/div>\n\t\t\t\n\t\t\t\n\t\t\t\t\t\t\t<div class=\"story-content-overlay__author\">\n\t\t\t\t\tPor Coordena\u00e7\u00e3o\t\t\t\t<\/div>\n\t\t\t\n\t\t\t\t\t<\/div>\n\t\t\t\t\t<\/div>\n\t\t\t\t\t\t<div\n\t\t\t\tclass=\"web-stories-list__story\"\n\t\t\t\tdata-wp-interactive=\"web-stories-block\"\n\t\t\t\tdata-wp-context='{\"instanceId\":1}'\t\t\t\tdata-wp-on--click=\"actions.open\"\n\t\t\t\tdata-wp-on-window--popstate=\"actions.onPopstate\"\n\t\t\t\t>\n\t\t\t\t\t\t\t<div class=\"web-stories-list__story-poster\">\n\t\t\t\t<a href=\"https:\/\/oab.estrategia.com\/portal\/web-stories\/como-solicitar-transferencia-de-subsecao-da-oab\/\" >\n\t\t\t\t\t<img\n\t\t\t\t\t\tsrc=\"https:\/\/oab.estrategia.com\/portal\/wp-content\/uploads\/2023\/01\/30172320\/cropped-repescagem-oab-xxxvii-exame-de-ordem-1.png\"\n\t\t\t\t\t\talt=\"Como solicitar transfer\u00eancia de subse\u00e7\u00e3o da OAB?\"\n\t\t\t\t\t\twidth=\"185\"\n\t\t\t\t\t\theight=\"308\"\n\t\t\t\t\t\t\t\t\t\t\t\t\tsrcset=\"https:\/\/oab.estrategia.com\/portal\/wp-content\/uploads\/2023\/01\/30172320\/cropped-repescagem-oab-xxxvii-exame-de-ordem-1.png 640w, https:\/\/oab.estrategia.com\/portal\/wp-content\/uploads\/2023\/01\/30172320\/cropped-repescagem-oab-xxxvii-exame-de-ordem-1-225x300.png 225w, https:\/\/oab.estrategia.com\/portal\/wp-content\/uploads\/2023\/01\/30172320\/cropped-repescagem-oab-xxxvii-exame-de-ordem-1-380x506.png 380w, https:\/\/oab.estrategia.com\/portal\/wp-content\/uploads\/2023\/01\/30172320\/cropped-repescagem-oab-xxxvii-exame-de-ordem-1-150x200.png 150w\"\n\t\t\t\t\t\t\t\t\t\t\t\t\t\t\t\t\t\t\tsizes=\"auto, (max-width: 640px) 100vw, 640px\"\n\t\t\t\t\t\t\t\t\t\t\t\tloading=\"lazy\"\n\t\t\t\t\t\tdecoding=\"async\"\n\t\t\t\t\t>\n\t\t\t\t<\/a>\n\t\t\t<\/div>\n\t\t\t\t\t<div class=\"web-stories-list__story-content-overlay\">\n\t\t\t\t\t\t\t<div class=\"story-content-overlay__title\">\n\t\t\t\t\tComo solicitar transfer\u00eancia de subse\u00e7\u00e3o da OAB?\t\t\t\t<\/div>\n\t\t\t\n\t\t\t\n\t\t\t\t\t\t\t<div class=\"story-content-overlay__author\">\n\t\t\t\t\tPor Coordena\u00e7\u00e3o\t\t\t\t<\/div>\n\t\t\t\n\t\t\t\t\t<\/div>\n\t\t\t\t\t<\/div>\n\t\t\t\t\t\t<div\n\t\t\t\tclass=\"web-stories-list__story\"\n\t\t\t\tdata-wp-interactive=\"web-stories-block\"\n\t\t\t\tdata-wp-context='{\"instanceId\":1}'\t\t\t\tdata-wp-on--click=\"actions.open\"\n\t\t\t\tdata-wp-on-window--popstate=\"actions.onPopstate\"\n\t\t\t\t>\n\t\t\t\t\t\t\t<div class=\"web-stories-list__story-poster\">\n\t\t\t\t<a href=\"https:\/\/oab.estrategia.com\/portal\/web-stories\/saiba-o-que-sao-e-a-importancia-das-comissoes-tematicas-da-oab\/\" >\n\t\t\t\t\t<img\n\t\t\t\t\t\tsrc=\"https:\/\/oab.estrategia.com\/portal\/wp-content\/uploads\/2023\/06\/29140219\/cropped-mnemonico-de-direito-eleitoral.png\"\n\t\t\t\t\t\talt=\"Saiba o que s\u00e3o e a import\u00e2ncia das comiss\u00f5es tem\u00e1ticas da OAB!\"\n\t\t\t\t\t\twidth=\"185\"\n\t\t\t\t\t\theight=\"308\"\n\t\t\t\t\t\t\t\t\t\t\t\t\tsrcset=\"https:\/\/oab.estrategia.com\/portal\/wp-content\/uploads\/2023\/06\/29140219\/cropped-mnemonico-de-direito-eleitoral.png 640w, https:\/\/oab.estrategia.com\/portal\/wp-content\/uploads\/2023\/06\/29140219\/cropped-mnemonico-de-direito-eleitoral-225x300.png 225w, https:\/\/oab.estrategia.com\/portal\/wp-content\/uploads\/2023\/06\/29140219\/cropped-mnemonico-de-direito-eleitoral-380x506.png 380w, https:\/\/oab.estrategia.com\/portal\/wp-content\/uploads\/2023\/06\/29140219\/cropped-mnemonico-de-direito-eleitoral-150x200.png 150w\"\n\t\t\t\t\t\t\t\t\t\t\t\t\t\t\t\t\t\t\tsizes=\"auto, (max-width: 640px) 100vw, 640px\"\n\t\t\t\t\t\t\t\t\t\t\t\tloading=\"lazy\"\n\t\t\t\t\t\tdecoding=\"async\"\n\t\t\t\t\t>\n\t\t\t\t<\/a>\n\t\t\t<\/div>\n\t\t\t\t\t<div class=\"web-stories-list__story-content-overlay\">\n\t\t\t\t\t\t\t<div class=\"story-content-overlay__title\">\n\t\t\t\t\tSaiba o que s\u00e3o e a import\u00e2ncia das comiss\u00f5es tem\u00e1ticas da OAB!\t\t\t\t<\/div>\n\t\t\t\n\t\t\t\n\t\t\t\t\t\t\t<div class=\"story-content-overlay__author\">\n\t\t\t\t\tPor Coordena\u00e7\u00e3o\t\t\t\t<\/div>\n\t\t\t\n\t\t\t\t\t<\/div>\n\t\t\t\t\t<\/div>\n\t\t\t\t\t\t<div\n\t\t\t\tclass=\"web-stories-list__story\"\n\t\t\t\tdata-wp-interactive=\"web-stories-block\"\n\t\t\t\tdata-wp-context='{\"instanceId\":1}'\t\t\t\tdata-wp-on--click=\"actions.open\"\n\t\t\t\tdata-wp-on-window--popstate=\"actions.onPopstate\"\n\t\t\t\t>\n\t\t\t\t\t\t\t<div class=\"web-stories-list__story-poster\">\n\t\t\t\t<a href=\"https:\/\/oab.estrategia.com\/portal\/web-stories\/quais-sao-as-disciplinas-mais-populares-na-1-fase-da-oab\/\" >\n\t\t\t\t\t<img\n\t\t\t\t\t\tsrc=\"https:\/\/oab.estrategia.com\/portal\/wp-content\/uploads\/2023\/05\/16110127\/proximas-datas-37-exame-de-ordem-2a-fase.png\"\n\t\t\t\t\t\talt=\"Quais s\u00e3o as disciplinas mais populares na 1\u00aa fase da OAB?\"\n\t\t\t\t\t\twidth=\"185\"\n\t\t\t\t\t\theight=\"308\"\n\t\t\t\t\t\t\t\t\t\t\t\t\tsrcset=\"https:\/\/oab.estrategia.com\/portal\/wp-content\/uploads\/2023\/05\/16110127\/proximas-datas-37-exame-de-ordem-2a-fase.png 640w, https:\/\/oab.estrategia.com\/portal\/wp-content\/uploads\/2023\/05\/16110127\/proximas-datas-37-exame-de-ordem-2a-fase-225x300.png 225w, https:\/\/oab.estrategia.com\/portal\/wp-content\/uploads\/2023\/05\/16110127\/proximas-datas-37-exame-de-ordem-2a-fase-380x506.png 380w, https:\/\/oab.estrategia.com\/portal\/wp-content\/uploads\/2023\/05\/16110127\/proximas-datas-37-exame-de-ordem-2a-fase-150x200.png 150w\"\n\t\t\t\t\t\t\t\t\t\t\t\t\t\t\t\t\t\t\tsizes=\"auto, (max-width: 640px) 100vw, 640px\"\n\t\t\t\t\t\t\t\t\t\t\t\tloading=\"lazy\"\n\t\t\t\t\t\tdecoding=\"async\"\n\t\t\t\t\t>\n\t\t\t\t<\/a>\n\t\t\t<\/div>\n\t\t\t\t\t<div class=\"web-stories-list__story-content-overlay\">\n\t\t\t\t\t\t\t<div class=\"story-content-overlay__title\">\n\t\t\t\t\tQuais s\u00e3o as disciplinas mais populares na 1\u00aa fase da OAB?\t\t\t\t<\/div>\n\t\t\t\n\t\t\t\n\t\t\t\t\t\t\t<div class=\"story-content-overlay__author\">\n\t\t\t\t\tPor Coordena\u00e7\u00e3o\t\t\t\t<\/div>\n\t\t\t\n\t\t\t\t\t<\/div>\n\t\t\t\t\t<\/div>\n\t\t\t\t\t\t<div\n\t\t\t\tclass=\"web-stories-list__story\"\n\t\t\t\tdata-wp-interactive=\"web-stories-block\"\n\t\t\t\tdata-wp-context='{\"instanceId\":1}'\t\t\t\tdata-wp-on--click=\"actions.open\"\n\t\t\t\tdata-wp-on-window--popstate=\"actions.onPopstate\"\n\t\t\t\t>\n\t\t\t\t\t\t\t<div class=\"web-stories-list__story-poster\">\n\t\t\t\t<a href=\"https:\/\/oab.estrategia.com\/portal\/web-stories\/5-curiosidades-sobre-o-processo-de-correcao-da-2-fase-oab\/\" >\n\t\t\t\t\t<img\n\t\t\t\t\t\tsrc=\"https:\/\/oab.estrategia.com\/portal\/wp-content\/uploads\/2022\/11\/29120257\/aluno-estrategia-oab-construindo-roteiro-de-estudos-para-a-segunda-fase-do-exame-de-ordem-640x853.png\"\n\t\t\t\t\t\talt=\"5 curiosidades sobre o processo de corre\u00e7\u00e3o da 2\u00aa fase OAB\"\n\t\t\t\t\t\twidth=\"185\"\n\t\t\t\t\t\theight=\"308\"\n\t\t\t\t\t\t\t\t\t\t\t\t\tsrcset=\"https:\/\/oab.estrategia.com\/portal\/wp-content\/uploads\/2022\/11\/29120257\/aluno-estrategia-oab-construindo-roteiro-de-estudos-para-a-segunda-fase-do-exame-de-ordem.png 640w, https:\/\/oab.estrategia.com\/portal\/wp-content\/uploads\/2022\/11\/29120257\/aluno-estrategia-oab-construindo-roteiro-de-estudos-para-a-segunda-fase-do-exame-de-ordem-225x300.png 225w, https:\/\/oab.estrategia.com\/portal\/wp-content\/uploads\/2022\/11\/29120257\/aluno-estrategia-oab-construindo-roteiro-de-estudos-para-a-segunda-fase-do-exame-de-ordem-380x506.png 380w, https:\/\/oab.estrategia.com\/portal\/wp-content\/uploads\/2022\/11\/29120257\/aluno-estrategia-oab-construindo-roteiro-de-estudos-para-a-segunda-fase-do-exame-de-ordem-150x200.png 150w\"\n\t\t\t\t\t\t\t\t\t\t\t\t\t\t\t\t\t\t\tsizes=\"auto, (max-width: 640px) 100vw, 640px\"\n\t\t\t\t\t\t\t\t\t\t\t\tloading=\"lazy\"\n\t\t\t\t\t\tdecoding=\"async\"\n\t\t\t\t\t>\n\t\t\t\t<\/a>\n\t\t\t<\/div>\n\t\t\t\t\t<div class=\"web-stories-list__story-content-overlay\">\n\t\t\t\t\t\t\t<div class=\"story-content-overlay__title\">\n\t\t\t\t\t5 curiosidades sobre o processo de corre\u00e7\u00e3o da 2\u00aa fase OAB\t\t\t\t<\/div>\n\t\t\t\n\t\t\t\n\t\t\t\t\t\t\t<div class=\"story-content-overlay__author\">\n\t\t\t\t\tPor Coordena\u00e7\u00e3o\t\t\t\t<\/div>\n\t\t\t\n\t\t\t\t\t<\/div>\n\t\t\t\t\t<\/div>\n\t\t\t\t\t\t<div\n\t\t\t\tclass=\"web-stories-list__story\"\n\t\t\t\tdata-wp-interactive=\"web-stories-block\"\n\t\t\t\tdata-wp-context='{\"instanceId\":1}'\t\t\t\tdata-wp-on--click=\"actions.open\"\n\t\t\t\tdata-wp-on-window--popstate=\"actions.onPopstate\"\n\t\t\t\t>\n\t\t\t\t\t\t\t<div class=\"web-stories-list__story-poster\">\n\t\t\t\t<a href=\"https:\/\/oab.estrategia.com\/portal\/web-stories\/confira-os-valores-da-anuidade-oab-por-estado-para-2025\/\" >\n\t\t\t\t\t<img\n\t\t\t\t\t\tsrc=\"https:\/\/oab.estrategia.com\/portal\/wp-content\/uploads\/2023\/04\/13170319\/exame-38-oab-edital-prestes-a-ser-publicado-640x853.png\"\n\t\t\t\t\t\talt=\"Confira os valores da Anuidade OAB por estado para 2025!\"\n\t\t\t\t\t\twidth=\"185\"\n\t\t\t\t\t\theight=\"308\"\n\t\t\t\t\t\t\t\t\t\t\t\t\tsrcset=\"https:\/\/oab.estrategia.com\/portal\/wp-content\/uploads\/2023\/04\/13170319\/exame-38-oab-edital-prestes-a-ser-publicado.png 640w, https:\/\/oab.estrategia.com\/portal\/wp-content\/uploads\/2023\/04\/13170319\/exame-38-oab-edital-prestes-a-ser-publicado-225x300.png 225w, https:\/\/oab.estrategia.com\/portal\/wp-content\/uploads\/2023\/04\/13170319\/exame-38-oab-edital-prestes-a-ser-publicado-380x506.png 380w, https:\/\/oab.estrategia.com\/portal\/wp-content\/uploads\/2023\/04\/13170319\/exame-38-oab-edital-prestes-a-ser-publicado-150x200.png 150w\"\n\t\t\t\t\t\t\t\t\t\t\t\t\t\t\t\t\t\t\tsizes=\"auto, (max-width: 640px) 100vw, 640px\"\n\t\t\t\t\t\t\t\t\t\t\t\tloading=\"lazy\"\n\t\t\t\t\t\tdecoding=\"async\"\n\t\t\t\t\t>\n\t\t\t\t<\/a>\n\t\t\t<\/div>\n\t\t\t\t\t<div class=\"web-stories-list__story-content-overlay\">\n\t\t\t\t\t\t\t<div class=\"story-content-overlay__title\">\n\t\t\t\t\tConfira os valores da Anuidade OAB por estado para 2025!\t\t\t\t<\/div>\n\t\t\t\n\t\t\t\n\t\t\t\t\t\t\t<div class=\"story-content-overlay__author\">\n\t\t\t\t\tPor Coordena\u00e7\u00e3o\t\t\t\t<\/div>\n\t\t\t\n\t\t\t\t\t<\/div>\n\t\t\t\t\t<\/div>\n\t\t\t\t\t\t<div\n\t\t\t\tclass=\"web-stories-list__story\"\n\t\t\t\tdata-wp-interactive=\"web-stories-block\"\n\t\t\t\tdata-wp-context='{\"instanceId\":1}'\t\t\t\tdata-wp-on--click=\"actions.open\"\n\t\t\t\tdata-wp-on-window--popstate=\"actions.onPopstate\"\n\t\t\t\t>\n\t\t\t\t\t\t\t<div class=\"web-stories-list__story-poster\">\n\t\t\t\t<a href=\"https:\/\/oab.estrategia.com\/portal\/web-stories\/inscricoes-abertas-para-o-43-exame-de-ordem-participe\/\" >\n\t\t\t\t\t<img\n\t\t\t\t\t\tsrc=\"https:\/\/oab.estrategia.com\/portal\/wp-content\/uploads\/2023\/08\/11134918\/qual-vade-mecum-nao-usar-na-prova-da-oab-e1738595873951.png\"\n\t\t\t\t\t\talt=\"Inscri\u00e7\u00f5es abertas para o 43\u00ba Exame de Ordem! Participe.\"\n\t\t\t\t\t\twidth=\"185\"\n\t\t\t\t\t\theight=\"308\"\n\t\t\t\t\t\t\t\t\t\t\t\t\tsrcset=\"https:\/\/oab.estrategia.com\/portal\/wp-content\/uploads\/2023\/08\/11134918\/qual-vade-mecum-nao-usar-na-prova-da-oab-e1738595873951.png 639w, https:\/\/oab.estrategia.com\/portal\/wp-content\/uploads\/2023\/08\/11134918\/qual-vade-mecum-nao-usar-na-prova-da-oab-e1738595873951-300x205.png 300w, https:\/\/oab.estrategia.com\/portal\/wp-content\/uploads\/2023\/08\/11134918\/qual-vade-mecum-nao-usar-na-prova-da-oab-e1738595873951-380x260.png 380w, https:\/\/oab.estrategia.com\/portal\/wp-content\/uploads\/2023\/08\/11134918\/qual-vade-mecum-nao-usar-na-prova-da-oab-e1738595873951-150x103.png 150w\"\n\t\t\t\t\t\t\t\t\t\t\t\t\t\t\t\t\t\t\tsizes=\"auto, (max-width: 639px) 100vw, 639px\"\n\t\t\t\t\t\t\t\t\t\t\t\tloading=\"lazy\"\n\t\t\t\t\t\tdecoding=\"async\"\n\t\t\t\t\t>\n\t\t\t\t<\/a>\n\t\t\t<\/div>\n\t\t\t\t\t<div class=\"web-stories-list__story-content-overlay\">\n\t\t\t\t\t\t\t<div class=\"story-content-overlay__title\">\n\t\t\t\t\tInscri\u00e7\u00f5es abertas para o 43\u00ba Exame de Ordem! Participe.\t\t\t\t<\/div>\n\t\t\t\n\t\t\t\n\t\t\t\t\t\t\t<div class=\"story-content-overlay__author\">\n\t\t\t\t\tPor Coordena\u00e7\u00e3o\t\t\t\t<\/div>\n\t\t\t\n\t\t\t\t\t<\/div>\n\t\t\t\t\t<\/div>\n\t\t\t\t\t\t<div\n\t\t\t\tclass=\"web-stories-list__story\"\n\t\t\t\tdata-wp-interactive=\"web-stories-block\"\n\t\t\t\tdata-wp-context='{\"instanceId\":1}'\t\t\t\tdata-wp-on--click=\"actions.open\"\n\t\t\t\tdata-wp-on-window--popstate=\"actions.onPopstate\"\n\t\t\t\t>\n\t\t\t\t\t\t\t<div class=\"web-stories-list__story-poster\">\n\t\t\t\t<a href=\"https:\/\/oab.estrategia.com\/portal\/web-stories\/calendario-oab-para-2025-e-2026-confira\/\" >\n\t\t\t\t\t<img\n\t\t\t\t\t\tsrc=\"https:\/\/oab.estrategia.com\/portal\/wp-content\/uploads\/2023\/05\/16110127\/proximas-datas-37-exame-de-ordem-2a-fase.png\"\n\t\t\t\t\t\talt=\"Calend\u00e1rio OAB para 2025\/2026: confira o cronograma!\"\n\t\t\t\t\t\twidth=\"185\"\n\t\t\t\t\t\theight=\"308\"\n\t\t\t\t\t\t\t\t\t\t\t\t\tsrcset=\"https:\/\/oab.estrategia.com\/portal\/wp-content\/uploads\/2023\/05\/16110127\/proximas-datas-37-exame-de-ordem-2a-fase.png 640w, https:\/\/oab.estrategia.com\/portal\/wp-content\/uploads\/2023\/05\/16110127\/proximas-datas-37-exame-de-ordem-2a-fase-225x300.png 225w, https:\/\/oab.estrategia.com\/portal\/wp-content\/uploads\/2023\/05\/16110127\/proximas-datas-37-exame-de-ordem-2a-fase-380x506.png 380w, https:\/\/oab.estrategia.com\/portal\/wp-content\/uploads\/2023\/05\/16110127\/proximas-datas-37-exame-de-ordem-2a-fase-150x200.png 150w\"\n\t\t\t\t\t\t\t\t\t\t\t\t\t\t\t\t\t\t\tsizes=\"auto, (max-width: 640px) 100vw, 640px\"\n\t\t\t\t\t\t\t\t\t\t\t\tloading=\"lazy\"\n\t\t\t\t\t\tdecoding=\"async\"\n\t\t\t\t\t>\n\t\t\t\t<\/a>\n\t\t\t<\/div>\n\t\t\t\t\t<div class=\"web-stories-list__story-content-overlay\">\n\t\t\t\t\t\t\t<div class=\"story-content-overlay__title\">\n\t\t\t\t\tCalend\u00e1rio OAB para 2025\/2026: confira o cronograma!\t\t\t\t<\/div>\n\t\t\t\n\t\t\t\n\t\t\t\t\t\t\t<div class=\"story-content-overlay__author\">\n\t\t\t\t\tPor Coordena\u00e7\u00e3o\t\t\t\t<\/div>\n\t\t\t\n\t\t\t\t\t<\/div>\n\t\t\t\t\t<\/div>\n\t\t\t\t\t\t<\/div>\n\t\t<\/div>\n\t\t","protected":false},"excerpt":{"rendered":"","protected":false},"author":12,"featured_media":0,"parent":0,"menu_order":1,"comment_status":"closed","ping_status":"closed","template":"","meta":{"footnotes":""},"class_list":["post-4037","page","type-page","status-publish"],"acf":[],"yoast_head":"<!-- This site is optimized with the Yoast SEO Premium plugin v26.2 (Yoast SEO v27.4) - https:\/\/yoast.com\/product\/yoast-seo-premium-wordpress\/ -->\n<title>Web Stories Estrat\u00e9gia OAB<\/title>\n<meta name=\"description\" content=\"Hist\u00f3rias criadas por Estrat\u00e9gia OAB com informa\u00e7\u00f5es sobre os pr\u00f3ximos editais, provas e 1\u00aa e 2\u00aa fase do Exame de Ordem. Acesse!\" \/>\n<meta name=\"robots\" content=\"index, follow, max-snippet:-1, max-image-preview:large, max-video-preview:-1\" \/>\n<link rel=\"canonical\" href=\"https:\/\/oab.estrategia.com\/portal\/web-stories\/\" \/>\n<meta property=\"og:locale\" content=\"pt_BR\" \/>\n<meta property=\"og:type\" content=\"article\" \/>\n<meta property=\"og:title\" content=\"Web Stories\" \/>\n<meta property=\"og:description\" content=\"Hist\u00f3rias criadas por Estrat\u00e9gia OAB com informa\u00e7\u00f5es sobre os pr\u00f3ximos editais, provas e 1\u00aa e 2\u00aa fase do Exame de Ordem. Acesse!\" \/>\n<meta property=\"og:url\" content=\"https:\/\/oab.estrategia.com\/portal\/web-stories\/\" \/>\n<meta property=\"og:site_name\" content=\"Blog - OAB - Estrat\u00e9gia\" \/>\n<meta property=\"article:publisher\" content=\"https:\/\/www.facebook.com\/estrategiaoab\/\" \/>\n<meta property=\"article:modified_time\" content=\"2023-02-02T15:31:17+00:00\" \/>\n<meta property=\"og:image\" content=\"https:\/\/oab.estrategia.com\/portal\/wp-content\/uploads\/2022\/04\/06103601\/oab-icone-2.png\" \/>\n\t<meta property=\"og:image:width\" content=\"900\" \/>\n\t<meta property=\"og:image:height\" content=\"900\" \/>\n\t<meta property=\"og:image:type\" content=\"image\/png\" \/>\n<meta name=\"twitter:card\" content=\"summary_large_image\" \/>\n<meta name=\"twitter:site\" content=\"@estrategiaoab\" \/>\n<script type=\"application\/ld+json\" class=\"yoast-schema-graph\">{\"@context\":\"https:\\\/\\\/schema.org\",\"@graph\":[{\"@type\":\"WebPage\",\"@id\":\"https:\\\/\\\/oab.estrategia.com\\\/portal\\\/web-stories\\\/\",\"url\":\"https:\\\/\\\/oab.estrategia.com\\\/portal\\\/web-stories\\\/\",\"name\":\"Web Stories Estrat\u00e9gia OAB\",\"isPartOf\":{\"@id\":\"https:\\\/\\\/oab.estrategia.com\\\/portal\\\/#website\"},\"datePublished\":\"2022-11-29T14:01:26+00:00\",\"dateModified\":\"2023-02-02T15:31:17+00:00\",\"description\":\"Hist\u00f3rias criadas por Estrat\u00e9gia OAB com informa\u00e7\u00f5es sobre os pr\u00f3ximos editais, provas e 1\u00aa e 2\u00aa fase do Exame de Ordem. Acesse!\",\"breadcrumb\":{\"@id\":\"https:\\\/\\\/oab.estrategia.com\\\/portal\\\/web-stories\\\/#breadcrumb\"},\"inLanguage\":\"pt-BR\",\"potentialAction\":[{\"@type\":\"ReadAction\",\"target\":[\"https:\\\/\\\/oab.estrategia.com\\\/portal\\\/web-stories\\\/\"]}]},{\"@type\":\"BreadcrumbList\",\"@id\":\"https:\\\/\\\/oab.estrategia.com\\\/portal\\\/web-stories\\\/#breadcrumb\",\"itemListElement\":[{\"@type\":\"ListItem\",\"position\":1,\"name\":\"In\u00edcio\",\"item\":\"https:\\\/\\\/oab.estrategia.com\\\/portal\\\/\"},{\"@type\":\"ListItem\",\"position\":2,\"name\":\"Web Stories\"}]},{\"@type\":\"WebSite\",\"@id\":\"https:\\\/\\\/oab.estrategia.com\\\/portal\\\/#website\",\"url\":\"https:\\\/\\\/oab.estrategia.com\\\/portal\\\/\",\"name\":\"Blog - OAB - Estrat\u00e9gia\",\"description\":\"Blog OAB - Estrat\u00e9gia Concursos\",\"publisher\":{\"@id\":\"https:\\\/\\\/oab.estrategia.com\\\/portal\\\/#organization\"},\"potentialAction\":[{\"@type\":\"SearchAction\",\"target\":{\"@type\":\"EntryPoint\",\"urlTemplate\":\"https:\\\/\\\/oab.estrategia.com\\\/portal\\\/?s={search_term_string}\"},\"query-input\":{\"@type\":\"PropertyValueSpecification\",\"valueRequired\":true,\"valueName\":\"search_term_string\"}}],\"inLanguage\":\"pt-BR\"},{\"@type\":\"Organization\",\"@id\":\"https:\\\/\\\/oab.estrategia.com\\\/portal\\\/#organization\",\"name\":\"Estrat\u00e9gia Concursos\",\"url\":\"https:\\\/\\\/oab.estrategia.com\\\/portal\\\/\",\"logo\":{\"@type\":\"ImageObject\",\"inLanguage\":\"pt-BR\",\"@id\":\"https:\\\/\\\/oab.estrategia.com\\\/portal\\\/#\\\/schema\\\/logo\\\/image\\\/\",\"url\":\"https:\\\/\\\/oab.estrategia.com\\\/portal\\\/wp-content\\\/uploads\\\/2022\\\/04\\\/06103601\\\/oab-icone-2.png\",\"contentUrl\":\"https:\\\/\\\/oab.estrategia.com\\\/portal\\\/wp-content\\\/uploads\\\/2022\\\/04\\\/06103601\\\/oab-icone-2.png\",\"width\":900,\"height\":900,\"caption\":\"Estrat\u00e9gia Concursos\"},\"image\":{\"@id\":\"https:\\\/\\\/oab.estrategia.com\\\/portal\\\/#\\\/schema\\\/logo\\\/image\\\/\"},\"sameAs\":[\"https:\\\/\\\/www.facebook.com\\\/estrategiaoab\\\/\",\"https:\\\/\\\/x.com\\\/estrategiaoab\",\"https:\\\/\\\/www.instagram.com\\\/estrategiaoab\\\/\",\"https:\\\/\\\/www.youtube.com\\\/EstrategiaOAB\"]}]}<\/script>\n<!-- \/ Yoast SEO Premium plugin. -->","yoast_head_json":{"title":"Web Stories Estrat\u00e9gia OAB","description":"Hist\u00f3rias criadas por Estrat\u00e9gia OAB com informa\u00e7\u00f5es sobre os pr\u00f3ximos editais, provas e 1\u00aa e 2\u00aa fase do Exame de Ordem. Acesse!","robots":{"index":"index","follow":"follow","max-snippet":"max-snippet:-1","max-image-preview":"max-image-preview:large","max-video-preview":"max-video-preview:-1"},"canonical":"https:\/\/oab.estrategia.com\/portal\/web-stories\/","og_locale":"pt_BR","og_type":"article","og_title":"Web Stories","og_description":"Hist\u00f3rias criadas por Estrat\u00e9gia OAB com informa\u00e7\u00f5es sobre os pr\u00f3ximos editais, provas e 1\u00aa e 2\u00aa fase do Exame de Ordem. Acesse!","og_url":"https:\/\/oab.estrategia.com\/portal\/web-stories\/","og_site_name":"Blog - OAB - Estrat\u00e9gia","article_publisher":"https:\/\/www.facebook.com\/estrategiaoab\/","article_modified_time":"2023-02-02T15:31:17+00:00","og_image":[{"width":900,"height":900,"url":"https:\/\/oab.estrategia.com\/portal\/wp-content\/uploads\/2022\/04\/06103601\/oab-icone-2.png","type":"image\/png"}],"twitter_card":"summary_large_image","twitter_site":"@estrategiaoab","schema":{"@context":"https:\/\/schema.org","@graph":[{"@type":"WebPage","@id":"https:\/\/oab.estrategia.com\/portal\/web-stories\/","url":"https:\/\/oab.estrategia.com\/portal\/web-stories\/","name":"Web Stories Estrat\u00e9gia OAB","isPartOf":{"@id":"https:\/\/oab.estrategia.com\/portal\/#website"},"datePublished":"2022-11-29T14:01:26+00:00","dateModified":"2023-02-02T15:31:17+00:00","description":"Hist\u00f3rias criadas por Estrat\u00e9gia OAB com informa\u00e7\u00f5es sobre os pr\u00f3ximos editais, provas e 1\u00aa e 2\u00aa fase do Exame de Ordem. Acesse!","breadcrumb":{"@id":"https:\/\/oab.estrategia.com\/portal\/web-stories\/#breadcrumb"},"inLanguage":"pt-BR","potentialAction":[{"@type":"ReadAction","target":["https:\/\/oab.estrategia.com\/portal\/web-stories\/"]}]},{"@type":"BreadcrumbList","@id":"https:\/\/oab.estrategia.com\/portal\/web-stories\/#breadcrumb","itemListElement":[{"@type":"ListItem","position":1,"name":"In\u00edcio","item":"https:\/\/oab.estrategia.com\/portal\/"},{"@type":"ListItem","position":2,"name":"Web Stories"}]},{"@type":"WebSite","@id":"https:\/\/oab.estrategia.com\/portal\/#website","url":"https:\/\/oab.estrategia.com\/portal\/","name":"Blog - OAB - Estrat\u00e9gia","description":"Blog OAB - Estrat\u00e9gia Concursos","publisher":{"@id":"https:\/\/oab.estrategia.com\/portal\/#organization"},"potentialAction":[{"@type":"SearchAction","target":{"@type":"EntryPoint","urlTemplate":"https:\/\/oab.estrategia.com\/portal\/?s={search_term_string}"},"query-input":{"@type":"PropertyValueSpecification","valueRequired":true,"valueName":"search_term_string"}}],"inLanguage":"pt-BR"},{"@type":"Organization","@id":"https:\/\/oab.estrategia.com\/portal\/#organization","name":"Estrat\u00e9gia Concursos","url":"https:\/\/oab.estrategia.com\/portal\/","logo":{"@type":"ImageObject","inLanguage":"pt-BR","@id":"https:\/\/oab.estrategia.com\/portal\/#\/schema\/logo\/image\/","url":"https:\/\/oab.estrategia.com\/portal\/wp-content\/uploads\/2022\/04\/06103601\/oab-icone-2.png","contentUrl":"https:\/\/oab.estrategia.com\/portal\/wp-content\/uploads\/2022\/04\/06103601\/oab-icone-2.png","width":900,"height":900,"caption":"Estrat\u00e9gia Concursos"},"image":{"@id":"https:\/\/oab.estrategia.com\/portal\/#\/schema\/logo\/image\/"},"sameAs":["https:\/\/www.facebook.com\/estrategiaoab\/","https:\/\/x.com\/estrategiaoab","https:\/\/www.instagram.com\/estrategiaoab\/","https:\/\/www.youtube.com\/EstrategiaOAB"]}]}},"jetpack_sharing_enabled":true,"_links":{"self":[{"href":"https:\/\/oab.estrategia.com\/portal\/wp-json\/wp\/v2\/pages\/4037","targetHints":{"allow":["GET"]}}],"collection":[{"href":"https:\/\/oab.estrategia.com\/portal\/wp-json\/wp\/v2\/pages"}],"about":[{"href":"https:\/\/oab.estrategia.com\/portal\/wp-json\/wp\/v2\/types\/page"}],"author":[{"embeddable":true,"href":"https:\/\/oab.estrategia.com\/portal\/wp-json\/wp\/v2\/users\/12"}],"replies":[{"embeddable":true,"href":"https:\/\/oab.estrategia.com\/portal\/wp-json\/wp\/v2\/comments?post=4037"}],"version-history":[{"count":18,"href":"https:\/\/oab.estrategia.com\/portal\/wp-json\/wp\/v2\/pages\/4037\/revisions"}],"predecessor-version":[{"id":5248,"href":"https:\/\/oab.estrategia.com\/portal\/wp-json\/wp\/v2\/pages\/4037\/revisions\/5248"}],"wp:attachment":[{"href":"https:\/\/oab.estrategia.com\/portal\/wp-json\/wp\/v2\/media?parent=4037"}],"curies":[{"name":"wp","href":"https:\/\/api.w.org\/{rel}","templated":true}]}}